{"id":4381,"date":"2026-04-11T12:59:15","date_gmt":"2026-04-11T12:59:15","guid":{"rendered":"https:\/\/summer-ski.landing-wp.real-web.it\/en\/structure\/64f50348-f0cc-49cf-b96f-e1b5311a07a0\/"},"modified":"2026-04-11T12:59:15","modified_gmt":"2026-04-11T12:59:15","slug":"64f50348-f0cc-49cf-b96f-e1b5311a07a0","status":"publish","type":"structure","link":"https:\/\/summer.ski.it\/en\/structure\/64f50348-f0cc-49cf-b96f-e1b5311a07a0\/","title":{"rendered":"64f50348-f0cc-49cf-b96f-e1b5311a07a0"},"content":{"rendered":"","protected":false},"menu_order":0,"template":"","fow":[],"impianti_inclusi":[],"profilo":[],"profilo_secondario":[],"class_list":["post-4381","structure","type-structure","status-publish","hentry"],"yoast_head":"<!-- This site is optimized with the Yoast SEO plugin v23.5 - https:\/\/yoast.com\/wordpress\/plugins\/seo\/ -->\n<title>64f50348-f0cc-49cf-b96f-e1b5311a07a0 - Summer SKI Promo<\/title>\n<meta name=\"robots\" content=\"index, follow, max-snippet:-1, max-image-preview:large, max-video-preview:-1\" \/>\n<link rel=\"canonical\" href=\"https:\/\/summer.ski.it\/en\/structure\/64f50348-f0cc-49cf-b96f-e1b5311a07a0\/\" \/>\n<meta property=\"og:locale\" content=\"en_US\" \/>\n<meta property=\"og:type\" content=\"article\" \/>\n<meta property=\"og:title\" content=\"64f50348-f0cc-49cf-b96f-e1b5311a07a0 - Summer SKI Promo\" \/>\n<meta property=\"og:url\" content=\"https:\/\/summer.ski.it\/en\/structure\/64f50348-f0cc-49cf-b96f-e1b5311a07a0\/\" \/>\n<meta property=\"og:site_name\" content=\"Summer SKI Promo\" \/>\n<meta name=\"twitter:card\" content=\"summary_large_image\" \/>\n<script type=\"application\/ld+json\" class=\"yoast-schema-graph\">{\"@context\":\"https:\/\/schema.org\",\"@graph\":[{\"@type\":\"WebPage\",\"@id\":\"https:\/\/summer.ski.it\/en\/structure\/64f50348-f0cc-49cf-b96f-e1b5311a07a0\/\",\"url\":\"https:\/\/summer.ski.it\/en\/structure\/64f50348-f0cc-49cf-b96f-e1b5311a07a0\/\",\"name\":\"64f50348-f0cc-49cf-b96f-e1b5311a07a0 - Summer SKI Promo\",\"isPartOf\":{\"@id\":\"https:\/\/summer.ski.it\/en\/#website\"},\"datePublished\":\"2026-04-11T12:59:15+00:00\",\"dateModified\":\"2026-04-11T12:59:15+00:00\",\"breadcrumb\":{\"@id\":\"https:\/\/summer.ski.it\/en\/structure\/64f50348-f0cc-49cf-b96f-e1b5311a07a0\/#breadcrumb\"},\"inLanguage\":\"en-US\",\"potentialAction\":[{\"@type\":\"ReadAction\",\"target\":[\"https:\/\/summer.ski.it\/en\/structure\/64f50348-f0cc-49cf-b96f-e1b5311a07a0\/\"]}]},{\"@type\":\"BreadcrumbList\",\"@id\":\"https:\/\/summer.ski.it\/en\/structure\/64f50348-f0cc-49cf-b96f-e1b5311a07a0\/#breadcrumb\",\"itemListElement\":[{\"@type\":\"ListItem\",\"position\":1,\"name\":\"Home\",\"item\":\"https:\/\/summer.ski.it\/test-home\/\"},{\"@type\":\"ListItem\",\"position\":2,\"name\":\"Structures\",\"item\":\"https:\/\/summer.ski.it\/en\/structures\/\"},{\"@type\":\"ListItem\",\"position\":3,\"name\":\"64f50348-f0cc-49cf-b96f-e1b5311a07a0\"}]},{\"@type\":\"WebSite\",\"@id\":\"https:\/\/summer.ski.it\/en\/#website\",\"url\":\"https:\/\/summer.ski.it\/en\/\",\"name\":\"Summer SKI Promo\",\"description\":\"\",\"publisher\":{\"@id\":\"https:\/\/summer.ski.it\/en\/#organization\"},\"potentialAction\":[{\"@type\":\"SearchAction\",\"target\":{\"@type\":\"EntryPoint\",\"urlTemplate\":\"https:\/\/summer.ski.it\/en\/?s={search_term_string}\"},\"query-input\":{\"@type\":\"PropertyValueSpecification\",\"valueRequired\":true,\"valueName\":\"search_term_string\"}}],\"inLanguage\":\"en-US\"},{\"@type\":\"Organization\",\"@id\":\"https:\/\/summer.ski.it\/en\/#organization\",\"name\":\"Summer SKI Promo\",\"url\":\"https:\/\/summer.ski.it\/en\/\",\"logo\":{\"@type\":\"ImageObject\",\"inLanguage\":\"en-US\",\"@id\":\"https:\/\/summer.ski.it\/en\/#\/schema\/logo\/image\/\",\"url\":\"https:\/\/summer.ski.it\/wp-content\/uploads\/sites\/6\/2024\/09\/LogoSkiArea.svg\",\"contentUrl\":\"https:\/\/summer.ski.it\/wp-content\/uploads\/sites\/6\/2024\/09\/LogoSkiArea.svg\",\"width\":500,\"height\":386,\"caption\":\"Summer SKI Promo\"},\"image\":{\"@id\":\"https:\/\/summer.ski.it\/en\/#\/schema\/logo\/image\/\"}}]}<\/script>\n<!-- \/ Yoast SEO plugin. -->","yoast_head_json":{"title":"64f50348-f0cc-49cf-b96f-e1b5311a07a0 - Summer SKI Promo","robots":{"index":"index","follow":"follow","max-snippet":"max-snippet:-1","max-image-preview":"max-image-preview:large","max-video-preview":"max-video-preview:-1"},"canonical":"https:\/\/summer.ski.it\/en\/structure\/64f50348-f0cc-49cf-b96f-e1b5311a07a0\/","og_locale":"en_US","og_type":"article","og_title":"64f50348-f0cc-49cf-b96f-e1b5311a07a0 - Summer SKI Promo","og_url":"https:\/\/summer.ski.it\/en\/structure\/64f50348-f0cc-49cf-b96f-e1b5311a07a0\/","og_site_name":"Summer SKI Promo","twitter_card":"summary_large_image","schema":{"@context":"https:\/\/schema.org","@graph":[{"@type":"WebPage","@id":"https:\/\/summer.ski.it\/en\/structure\/64f50348-f0cc-49cf-b96f-e1b5311a07a0\/","url":"https:\/\/summer.ski.it\/en\/structure\/64f50348-f0cc-49cf-b96f-e1b5311a07a0\/","name":"64f50348-f0cc-49cf-b96f-e1b5311a07a0 - Summer SKI Promo","isPartOf":{"@id":"https:\/\/summer.ski.it\/en\/#website"},"datePublished":"2026-04-11T12:59:15+00:00","dateModified":"2026-04-11T12:59:15+00:00","breadcrumb":{"@id":"https:\/\/summer.ski.it\/en\/structure\/64f50348-f0cc-49cf-b96f-e1b5311a07a0\/#breadcrumb"},"inLanguage":"en-US","potentialAction":[{"@type":"ReadAction","target":["https:\/\/summer.ski.it\/en\/structure\/64f50348-f0cc-49cf-b96f-e1b5311a07a0\/"]}]},{"@type":"BreadcrumbList","@id":"https:\/\/summer.ski.it\/en\/structure\/64f50348-f0cc-49cf-b96f-e1b5311a07a0\/#breadcrumb","itemListElement":[{"@type":"ListItem","position":1,"name":"Home","item":"https:\/\/summer.ski.it\/test-home\/"},{"@type":"ListItem","position":2,"name":"Structures","item":"https:\/\/summer.ski.it\/en\/structures\/"},{"@type":"ListItem","position":3,"name":"64f50348-f0cc-49cf-b96f-e1b5311a07a0"}]},{"@type":"WebSite","@id":"https:\/\/summer.ski.it\/en\/#website","url":"https:\/\/summer.ski.it\/en\/","name":"Summer SKI Promo","description":"","publisher":{"@id":"https:\/\/summer.ski.it\/en\/#organization"},"potentialAction":[{"@type":"SearchAction","target":{"@type":"EntryPoint","urlTemplate":"https:\/\/summer.ski.it\/en\/?s={search_term_string}"},"query-input":{"@type":"PropertyValueSpecification","valueRequired":true,"valueName":"search_term_string"}}],"inLanguage":"en-US"},{"@type":"Organization","@id":"https:\/\/summer.ski.it\/en\/#organization","name":"Summer SKI Promo","url":"https:\/\/summer.ski.it\/en\/","logo":{"@type":"ImageObject","inLanguage":"en-US","@id":"https:\/\/summer.ski.it\/en\/#\/schema\/logo\/image\/","url":"https:\/\/summer.ski.it\/wp-content\/uploads\/sites\/6\/2024\/09\/LogoSkiArea.svg","contentUrl":"https:\/\/summer.ski.it\/wp-content\/uploads\/sites\/6\/2024\/09\/LogoSkiArea.svg","width":500,"height":386,"caption":"Summer SKI Promo"},"image":{"@id":"https:\/\/summer.ski.it\/en\/#\/schema\/logo\/image\/"}}]}},"structure_name":"ALIMONTA","custom_town":"","town":"Madonna di Campiglio","structure_type":"Accommodation","code":"ACC33353","latitude":"46.17387","longitude":"10.89187","stars":"","stars_superior":"","check_in_from":"","check_in_to":"","check_out_from":"","check_out_to":"","image":"https:\/\/resc.deskline.net\/images\/TRN\/1\/6042cb03-5f92-4254-9cd4-9040a8d56a44\/99\/image.jpg","image2":"https:\/\/resc.deskline.net\/images\/TRN\/1\/0f7ef5cb-23e1-48df-855d-bb8a34383b8a\/99\/image.jpg","image3":"https:\/\/resc.deskline.net\/images\/TRN\/1\/e59898d4-ee16-4514-8564-eb1d2b6528b5\/99\/image.jpg","image4":"https:\/\/resc.deskline.net\/images\/TRN\/1\/daec22c6-22de-4831-ab00-683743284ebb\/99\/image.jpg","description":"A met\u00e0 degli anni Sessanta Ezio Alimonta e il padre Gilio, entrambi guide alpine, scendevano dalle cime del Brenta quando - giunti ai piedi della Vedretta degli Sfulmini - si guardarono e dissero: ci vorrebbe un rifugio quass\u00f9 per dare un tetto agli alpinisti, il pi\u00f9 vicino possibile a queste montagne. Scelsero il luogo adatto, in uno degli scenari pi\u00f9 maestosi del Brenta, e pochi anni dopo - era il 1968 - venne inaugurato il Rifugio Alimonta che ancora oggi, dopo una serie di ampliamenti, \u00e8 gestito dalla famiglia di alpinisti di cui porta il nome. Questo rifugio \u00e8 un punto di appoggio fondamentale per la Via delle Bocchette, vicinissimo alla roccia, dove \u00e8 facile sognare di essere alpinisti.\n\nPeriodo indicativo di apertura: 20\/06 - 20\/09. Prima dell'escursione si consiglia di verificare l\u2019effettiva apertura del rifugio.\n\nContatti:\nRifugio,\u00a0+39 379 2665489 (attivo indicativamente dal 20\/06 al 20\/09) \nCasa, +39\u00a00465 801500\u00a0(attivo indicativamente dal 21\/09 al 19\/06)","description_de":"Mitte der 60er-Jahre stiegen die beiden Bergf\u00fchrer Ezio Alimonta und sein Vater Gilio von den Gipfeln der Brenta hinab. Als sie am Fu\u00dfe der Vedretta degli Sfulmini ankamen, sahen sie sich an und sagten: hier oben k\u00f6nnte man eine H\u00fctte gebrauchen, um Bergsteigern, so nah bei diesen Bergen wie m\u00f6glich, ein Dach \u00fcber dem Kopf zu bieten. Sie suchten einen geeigneten Platz in einem der majest\u00e4tischsten Szenarien der Brenta aus und wenige Jahre sp\u00e4ter - es war 1968 - wurde die H\u00fctte eingeweiht, die noch heute nach einer Reihe von Erweiterungen von der Bergsteiger-Familie gef\u00fchrt wird, deren Namen sie tr\u00e4gt. Diese H\u00fctte ist fundamentaler St\u00fctzpunkt f\u00fcr den Bocchette-Weg, direkt in den Felsen, wo es leicht ist, davon zu tr\u00e4umen, Alpinist zu sein.\n\nUngef\u00e4hre \u00d6ffnungszeiten: 20\/06 - 20\/09. Bevor Sie Ihre Wanderung starten, \u00fcberpr\u00fcfen Sie die \u00d6ffnung der H\u00fctte.\n\nKontakte:\nH\u00fctte,\u00a0+39 379 2665489 (aktiv ungef\u00e4hr vom 20\/06\u00a0bis 20\/09) \nHaus, +39 0465 801500 (aktiv ungef\u00e4hr vom 21\/09 bis 19\/06)","description_en":"In the mid-sixties, Ezio Alimonta and his father Gilio, both mountain guides, were coming down from the Brenta peaks, when - arrived at the feet of the Vedretta degli Sfulmini glacier - they looked at each other and said: a mountain hut is needed here, so mountaineers can have a roof over their heads as close to the mountains as possible. They chose the right place, in one of the Brenta\u2019s most awesome settings, and a few years later - in 1968 - the mountain hut was inaugurated, and it is still, after a series of upgrades, run by the family of mountaineers whose name it bears. This mountain hut is a base for the Via delle Bocchette via ferrata and is so close to the rocks that it\u2019s easy to dream of being a mountaineer. \n\nApproximate opening period: 20\/06 - 20\/09.\u00a0Before leaving for your hike, verify the actual opening of the mountain hut.\n\nContacts:\nMountain hut, +39 379 2665489 (operating approximately from 20\/06 to 20\/09) \nHome, +39 0465 801500 (operating\u00a0approximately from 21\/09 to 19\/06)","description_cz":"In the mid-sixties, Ezio Alimonta and his father Gilio, both mountain guides, were coming down from the Brenta peaks, when - arrived at the feet of the Vedretta degli Sfulmini glacier - they looked at each other and said: a mountain hut is needed here, so mountaineers can have a roof over their heads as close to the mountains as possible. They chose the right place, in one of the Brenta\u2019s most awesome settings, and a few years later - in 1968 - the mountain hut was inaugurated, and it is still, after a series of upgrades, run by the family of mountaineers whose name it bears. This mountain hut is a base for the Via delle Bocchette via ferrata and is so close to the rocks that it\u2019s easy to dream of being a mountaineer. \n\nApproximate opening period: 20\/06 - 20\/09.\u00a0Before leaving for your hike, verify the actual opening of the mountain hut.\n\nContacts:\nMountain hut, +39 379 2665489 (operating approximately from 20\/06 to 20\/09) \nHome, +39 0465 801500 (operating\u00a0approximately from 21\/09 to 19\/06)","description_pl":"W po\u0142owie lat sze\u015b\u0107dziesi\u0105tych Ezio Alimonta i jego ojciec Gilio, obaj przewodnicy g\u00f3rscy, schodzili z szczyt\u00f3w Brenty, kiedy - docieraj\u0105c u st\u00f3p Vedretty degli Sfulmini - spojrzeli na siebie i powiedzieli: potrzebna by\u0142aby tu g\u00f3rska schronisko, jak najbli\u017cej tych g\u00f3r. Wybrali odpowiednie miejsce, w jednej z najbardziej majestatycznych scenerii Brenty, a kilka lat p\u00f3\u017aniej - w 1968 roku - zosta\u0142o otwarte schronisko Alimonta, kt\u00f3re do dzi\u015b, po serii rozbud\u00f3w, jest prowadzone przez rodzin\u0119 wspinaczy, kt\u00f3rej nosi imi\u0119. To schronisko jest fundamentalnym punktem wsparcia dla Via delle Bocchette, bardzo blisko ska\u0142y, gdzie \u0142atwo marzy\u0107 o byciu wspinaczem.\n\nPlanowany okres otwarcia: 20\/06 - 20\/09. Przed wycieczk\u0105 zaleca si\u0119 sprawdzenie rzeczywistego otwarcia schroniska.\n\nKontakt:\nSchronisko,\u00a0+39 379 2665489 (czynne orientacyjnie od 20\/06 do 20\/09) \nDom, +39\u00a00465 801500\u00a0(czynne orientacyjnie od 21\/09 do 19\/06)","links":"<a href=\"http:\/\/www.rifugioalimonta.it\" target=\"_blank\">http:\/\/www.rifugioalimonta.it<\/a>","facilities":[],"facilities_de":[],"facilities_en":[],"facilities_gz":[],"facilities_pl":[],"address":"Dolomiti di Brenta - Busa degli Sfulmini","address_2":"","address_3":"38095 TRE VILLE","email":"info@rifugioalimonta.it","phone_number":"+39 379 2665489","trust_you":"4.0","trust_you_count":"401","accommodation_type":"","provider":"Stai prenotando un prodotto\/servizio di competenza di Madonna di Campiglio Azienda per il Turismo S.p.A.","sold_out":"","starting_price":"","imagesummer":"https:\/\/resc.deskline.net\/images\/TRN\/1\/6042cb03-5f92-4254-9cd4-9040a8d56a44\/99\/image.jpg","image2summer":"https:\/\/resc.deskline.net\/images\/TRN\/1\/0f7ef5cb-23e1-48df-855d-bb8a34383b8a\/99\/image.jpg","image3summer":"https:\/\/resc.deskline.net\/images\/TRN\/1\/e59898d4-ee16-4514-8564-eb1d2b6528b5\/99\/image.jpg","image4summer":"https:\/\/resc.deskline.net\/images\/TRN\/1\/daec22c6-22de-4831-ab00-683743284ebb\/99\/image.jpg","price_description_de":"","price_description_it":"","price_description_en":"","_links":{"self":[{"href":"https:\/\/summer.ski.it\/en\/wp-json\/wp\/v2\/structure\/4381"}],"collection":[{"href":"https:\/\/summer.ski.it\/en\/wp-json\/wp\/v2\/structure"}],"about":[{"href":"https:\/\/summer.ski.it\/en\/wp-json\/wp\/v2\/types\/structure"}],"wp:attachment":[{"href":"https:\/\/summer.ski.it\/en\/wp-json\/wp\/v2\/media?parent=4381"}],"wp:term":[{"taxonomy":"fow","embeddable":true,"href":"https:\/\/summer.ski.it\/en\/wp-json\/wp\/v2\/fow?post=4381"},{"taxonomy":"impianti_inclusi","embeddable":true,"href":"https:\/\/summer.ski.it\/en\/wp-json\/wp\/v2\/impianti_inclusi?post=4381"},{"taxonomy":"profilo","embeddable":true,"href":"https:\/\/summer.ski.it\/en\/wp-json\/wp\/v2\/profilo?post=4381"},{"taxonomy":"profilo_secondario","embeddable":true,"href":"https:\/\/summer.ski.it\/en\/wp-json\/wp\/v2\/profilo_secondario?post=4381"}],"curies":[{"name":"wp","href":"https:\/\/api.w.org\/{rel}","templated":true}]}}